{"id":149,"date":"2023-08-10T14:46:19","date_gmt":"2023-08-10T12:46:19","guid":{"rendered":"https:\/\/clipenx.cluster028.hosting.ovh.net\/?page_id=149"},"modified":"2025-11-10T19:24:26","modified_gmt":"2025-11-10T18:24:26","slug":"assemblee-generale","status":"publish","type":"page","link":"https:\/\/clipenclape.ovh\/index.php\/assemblee-generale\/","title":{"rendered":"Assembl\u00e9e G\u00e9n\u00e9rale"},"content":{"rendered":"\n<p class=\"has-text-align-center has-larger-font-size\"><strong>Mardi 4 novembre 2025<\/strong><\/p>\n\n\n\n<p><strong><a href=\"https:\/\/clipenclape.ovh\/index.php\/photos-assemblee-generale-du-4-novembre-2025\/\" data-type=\"page\" data-id=\"1333\">Photos de l&rsquo;assembl\u00e9e<\/a><\/strong><\/p>\n\n\n\n<p>En une fin d\u2019apr\u00e8s-midi automnale, la pr\u00e9sidente Monique LEBRONNEC accueille une cinquantaine d\u2019adh\u00e9rents venus pour cette nouvelle Assembl\u00e9e G\u00e9n\u00e9rale, 19 ont fait parvenir leurs pouvoirs.<\/p>\n\n\n\n<p>Elle ouvre cette 12<sup>\u00e8me<\/sup> s\u00e9ance entour\u00e9e du bureau, et de Monsieur R\u00e9mi CAVAILLES repr\u00e9sentant la Mairie.<\/p>\n\n\n\n<p>Apr\u00e8s avoir souhait\u00e9 la bienvenue \u00e0 son auditoire, elle donna la parole \u00e0 Bernard Le Bronnec qui fit la lecture du bilan financier qui fut vot\u00e9 \u00e0 l\u2019unanimit\u00e9. S\u2019en suivit le rappel des activit\u00e9s hebdomadaires&nbsp;:<\/p>\n\n\n\n<ul class=\"wp-block-list\">\n<li>P\u00e9tanque le mardi apr\u00e8s-midi sous la houlette de Dominique<\/li>\n\n\n\n<li>Marche autour du village le mercredi matin, RV place de la mairie \u00e0 9 h<\/li>\n\n\n\n<li>Le Karaok\u00e9 le mercredi soir,<\/li>\n\n\n\n<li>L\u2019atelier cr\u00e9atif du jeudi apr\u00e8s-midi sous l\u2019\u00e9gide de Christiane PONS<\/li>\n\n\n\n<li>Espace jeux \u00e9galement le jeudi apr\u00e8s-midi en m\u00eame temps que l\u2019atelier cr\u00e9atif<\/li>\n\n\n\n<li>Et le studieux atelier m\u00e9moire le vendredi apr\u00e8s-midi est propos\u00e9 par Bernard LEBRONNEC.<\/li>\n<\/ul>\n\n\n\n<p>N\u2019h\u00e9sitez pas \u00e0 rejoindre ces sympathiques ateliers qui se d\u00e9roulent tous dans la bonne humeur.&nbsp;<\/p>\n\n\n\n<p>Bi-trimestriellement l\u2019atelier culinaire est propos\u00e9 aux gastronomes avec toujours beaucoup de convivialit\u00e9. Dominique aid\u00e9 de quelques marmitons organise avec enthousiasme ces agr\u00e9ables d\u00e9jeuners.&nbsp;&nbsp;&nbsp;&nbsp;&nbsp;&nbsp;<\/p>\n\n\n\n<p>Le 5 d\u00e9cembre l\u2019association participera au TELETHON.<\/p>\n\n\n\n<p>Il fut \u00e9voqu\u00e9 les divertissements mis en place cette ann\u00e9e, une soir\u00e9e choucroute le 27 novembre, la galette des rois le 6 janvier, une soir\u00e9e cr\u00eapes le 5 f\u00e9vrier&nbsp; et une soir\u00e9e&nbsp; le 11 avril anim\u00e9e par RICO, ainsi que le voyage d\u2019une semaine au Portugal en Algarve en mai prochain.<\/p>\n\n\n\n<p>Le bureau a \u00e9t\u00e9 reconduit ainsi que le CA, avec Lisette et Jean-Louis Paillas en renfort, \u00e0 l\u2019unanimit\u00e9.<\/p>\n\n\n\n<p>Pour finir R\u00e9mi CAVAILLES souligna le dynamisme de cette association et de leurs adh\u00e9rents \u00e0 Salles d\u2019Aude.<\/p>\n\n\n\n<p>La s\u00e9ance fut cl\u00f4tur\u00e9e par Mme La pr\u00e9sidente qui proposa \u00e0 tous le verre de l\u2019amiti\u00e9 accompagn\u00e9s de sympathiques et gourmands tapas.&nbsp;<\/p>\n","protected":false},"excerpt":{"rendered":"<p>Mardi 4 novembre 2025 Photos de l&rsquo;assembl\u00e9e En une fin d\u2019apr\u00e8s-midi automnale, la pr\u00e9sidente Monique LEBRONNEC accueille une cinquantaine d\u2019adh\u00e9rents venus pour cette nouvelle Assembl\u00e9e G\u00e9n\u00e9rale, 19 ont fait parvenir leurs pouvoirs. Elle ouvre cette 12\u00e8me s\u00e9ance entour\u00e9e du bureau, et de Monsieur R\u00e9mi CAVAILLES repr\u00e9sentant la Mairie. Apr\u00e8s avoir souhait\u00e9 la bienvenue \u00e0 son [&hellip;]<\/p>\n","protected":false},"author":1,"featured_media":0,"parent":0,"menu_order":0,"comment_status":"closed","ping_status":"closed","template":"","meta":{"footnotes":""},"class_list":["post-149","page","type-page","status-publish","hentry"],"_links":{"self":[{"href":"https:\/\/clipenclape.ovh\/index.php\/wp-json\/wp\/v2\/pages\/149","targetHints":{"allow":["GET"]}}],"collection":[{"href":"https:\/\/clipenclape.ovh\/index.php\/wp-json\/wp\/v2\/pages"}],"about":[{"href":"https:\/\/clipenclape.ovh\/index.php\/wp-json\/wp\/v2\/types\/page"}],"author":[{"embeddable":true,"href":"https:\/\/clipenclape.ovh\/index.php\/wp-json\/wp\/v2\/users\/1"}],"replies":[{"embeddable":true,"href":"https:\/\/clipenclape.ovh\/index.php\/wp-json\/wp\/v2\/comments?post=149"}],"version-history":[{"count":13,"href":"https:\/\/clipenclape.ovh\/index.php\/wp-json\/wp\/v2\/pages\/149\/revisions"}],"predecessor-version":[{"id":1360,"href":"https:\/\/clipenclape.ovh\/index.php\/wp-json\/wp\/v2\/pages\/149\/revisions\/1360"}],"wp:attachment":[{"href":"https:\/\/clipenclape.ovh\/index.php\/wp-json\/wp\/v2\/media?parent=149"}],"curies":[{"name":"wp","href":"https:\/\/api.w.org\/{rel}","templated":true}]}}